{"id":452,"date":"2020-07-28T10:04:50","date_gmt":"2020-07-28T10:04:50","guid":{"rendered":"https:\/\/www.beasturismo.es\/?page_id=452"},"modified":"2021-01-26T09:38:28","modified_gmt":"2021-01-26T09:38:28","slug":"historia","status":"publish","type":"page","link":"https:\/\/www.beasturismo.es\/?page_id=452","title":{"rendered":"Historia"},"content":{"rendered":"\n\n<a class=\"is-style-outline--1 is-layout-flex wp-block-buttons-is-layout-flex\" href=\"https:\/\/www.beasturismo.es\/?page_id=291\">\u00bfD\u00f3nde est\u00e1 Beas?<\/a>\n\n\n<a class=\"is-style-outline--2\" href=\"https:\/\/www.beasturismo.es\/?page_id=255\">Fauna y Flora<\/a>\n\n\n<a class=\"is-style-outline--3\" href=\"https:\/\/www.beasturismo.es\/?page_id=280\">Patrimonio Civil<\/a>\n\n\n<a class=\"is-style-outline--4\" href=\"https:\/\/www.beasturismo.es\/?page_id=269\">Patrimonio Religioso<\/a>\n\n\n\n<p><\/p>\n\t\t\n\t\t\t\t\t\t\t\t\t\t<img decoding=\"async\" width=\"1024\" height=\"683\" src=\"https:\/\/www.beasturismo.es\/wp-content\/uploads\/2021\/01\/Logo-Beas-Huelva-Espana-1024x683.png\" alt=\"\" loading=\"lazy\" srcset=\"https:\/\/www.beasturismo.es\/wp-content\/uploads\/2021\/01\/Logo-Beas-Huelva-Espana-1024x683.png 1024w, https:\/\/www.beasturismo.es\/wp-content\/uploads\/2021\/01\/Logo-Beas-Huelva-Espana-300x200.png 300w, https:\/\/www.beasturismo.es\/wp-content\/uploads\/2021\/01\/Logo-Beas-Huelva-Espana-768x512.png 768w, https:\/\/www.beasturismo.es\/wp-content\/uploads\/2021\/01\/Logo-Beas-Huelva-Espana.png 1200w\" sizes=\"auto, (max-width: 1024px) 100vw, 1024px\" \/>\t\t\t\t\t\t\t\t\t\t\t\n\t\t<p>Desde el Paleol\u00edtico Medio el t\u00e9rmino de Beas ha sido ocupado por varias civilizaciones, debido quiz\u00e1s a que constitu\u00eda un camino natural de comunicaci\u00f3n con las minas del And\u00e9valo y la Sierra, y desde Niebla, con lo que ser\u00eda m\u00e1s tarde la provincia y zonas portuguesas. De hecho, parece que su top\u00f3nimo proviene del t\u00e9rmino latino \u00abVeas\u00bb, que hace alusi\u00f3n al cruce de caminos.<\/p>\n<p>Las\u00a0<strong>primeras referencias escritas<\/strong>\u00a0sobre el municipio de Beas las encontramos tras la conquista castellana de la taifa isl\u00e1mica del reino de Niebla por Alfonso X de Castilla (<strong>a\u00f1o 660 H \/ 1262 d.n.e.<\/strong>). La nueva organizaci\u00f3n del Concejo de Niebla establecida por el rey castellano, Alfonso X, inclu\u00eda en la jurisdicci\u00f3n de esta ciudad a la entonces aldea de Beas, as\u00ed como a otro n\u00facleo existente en el actual t\u00e9rmino municipal: San Benito del \u00c1lamo, que seg\u00fan Pascual Madoz desapareci\u00f3 en el siglo XVIII, argumentando como causa de su despoblamiento la insalubridad del terreno.<\/p><p>En diciembre de\u00a0<strong>1342<\/strong>, Alfonso XI hizo donaci\u00f3n de las aldeas de Beas y Trigueros a Juan Alonso de la Cerda, se\u00f1or de Gibrale\u00f3n, de este modo el pueblo pasaba a ser tutelado por un r\u00e9gimen se\u00f1orial, pero fue un periodo ef\u00edmero, pues a la muerte del se\u00f1or en 1346 volver\u00e1n a la jurisdicci\u00f3n de <br \/>Niebla, tierra de realengo todav\u00eda. En el\u00a0<strong>siglo XIV<\/strong>, debieron llegar al pueblo de Beas nuevos moradores fruto de la pol\u00edtica repobladora que estaban llevando a cabo los se\u00f1ores de Niebla, este aumento de la poblaci\u00f3n permiti\u00f3 a las autoridades eclesi\u00e1sticas del lugar el inicio de la construcci\u00f3n de la iglesia de San Bartolom\u00e9, iniciada en estas fechas con un trazado g\u00f3tico mud\u00e9jar.<br \/><br \/>El siglo\u00a0<strong style=\"font-family: var( --e-global-typography-text-font-family ), Sans-serif; font-size: 1rem;\">XVII<\/strong>, tambi\u00e9n marcar\u00e1 los primeros momentos de los otros n\u00facleos de poblaci\u00f3n del municipio, las aldeas. En los parajes de Cand\u00f3n, Fuente de la Corcha y Navahermosa, comienzan a asentarse pobladores provenientes del vecino municipio de Valverde, que ya en 1622 y 1677 ven reconocidos sus derechos a pastar, labrar y construir casas en estos lugares.<\/p>\n<p>En la segunda mitad del\u00a0<strong>XVII\u00a0<\/strong>y la primera del\u00a0<strong>XVIII<\/strong>\u00a0se producen una serie de acontecimientos pol\u00edtico-militares, como son la Guerra de Secesi\u00f3n de Portugal, la conspiraci\u00f3n del Marqu\u00e9s de Ayamonte y la Guerra de Sucesi\u00f3n espa\u00f1ola, adem\u00e1s de continuos periodos de hambrunas que ir\u00e1n provocando un retroceso generalizado de su econom\u00eda y poblaci\u00f3n. A ello se unir\u00e1n las dif\u00edciles consecuencias del terremoto que afect\u00f3 a la comarca en 1755, que produjo fuertes da\u00f1os en el caser\u00edo de la poblaci\u00f3n, sus gentes y su econom\u00eda.<\/p>\n<p>El siglo\u00a0<strong>XIX<\/strong>, a pesar de iniciarse con los desastres propios de la invasi\u00f3n napole\u00f3nica, nos traer\u00e1 como aspecto positivo el fin del r\u00e9gimen se\u00f1orial, iniciado en 1812 con la Constituci\u00f3n de C\u00e1diz y, por tanto, el acceso de Beas a su estatus actual de municipio. Ser\u00e1 el momento en que tambi\u00e9n se produzca la desamortizaci\u00f3n de los bienes de la iglesia, que afectar\u00e1 a la propia estructura urbana del pueblo de Beas, donde se acometen importantes reformas del trazado viario, aprovechando la venta de la parcela ocupada por el hospital de Santa Mar\u00eda de Gracia.<\/p>\n<p>Tambi\u00e9n ser\u00e1 el siglo en el que las aldeas comiencen a configurar su trazado urbano, existiendo ya firmes testimonios de su existencia, por ejemplo Cand\u00f3n, del que sabemos que en 1847 contaba con 60 casas y Navahermosa, que por esas mismas fechas ten\u00eda su ermita, y por tanto hemos de suponer que tambi\u00e9n sus primeras casas.<\/p>\n<p>Pero, el siglo XIX, tambi\u00e9n marcar\u00e1 el momento en que el municipio perder\u00e1 gran parte de sus bald\u00edos a favor de la propiedad privada. Un cap\u00edtulo especial de esta historia lo marca Cand\u00f3n, cuando las tierras en las que se asentaban los colonos pasan a ser propiedad privada en 1859. Comienza aqu\u00ed la lucha de los candoneros por alcanzar la plena propiedad de sus casas y tierras, cuesti\u00f3n que se zanjar\u00eda casi un siglo despu\u00e9s en 1952, con la expropiaci\u00f3n de estos terrenos y, algo despu\u00e9s, en 1970, con la expropiaci\u00f3n del Cortijo de San Benito, labrado desde muchos a\u00f1os antes por ellos mismos en r\u00e9gimen de aparcer\u00eda, y cuya entrega a los candoneros marcar\u00e1 el desarrollo del pueblo moderno.<\/p>\n<p>Estos dos \u00faltimos siglos de los que venimos hablando, adem\u00e1s de los muchos avatares pol\u00edticos y sociales, nos trajeron la gran explosi\u00f3n demogr\u00e1fica y urbana, ampli\u00e1ndose considerablemente el casco urbano de la poblaci\u00f3n de Beas, primero hacia los caminos y veredas y, luego, rellenando muchos de los espacios que el no planificado desarrollo urbano dej\u00f3 desiertos y atrapados.<\/p>\n<p>Ser\u00e1n tambi\u00e9n los siglos en que se mejoren las comunicaciones del municipio, primero el ferrocarril en 1868, cuando se inaugura el primer tramo de la l\u00ednea San Juan del Puerto\u2013Buitr\u00f3n, hasta Venta Eligio. M\u00e1s tarde en el siglo XX las mejoras corresponder\u00edan a las carreteras que comienzan a ver mejorados sus firmes y trazados.<\/p>\n<p>Finalmente el\u00a0<strong>siglo XX<\/strong>\u00a0tambi\u00e9n marcar\u00e1 un hito en nuestra econom\u00eda, a partir de los a\u00f1os 70 muchos de nuestros vecinos abandonan los campos para dedicarse a nuevas actividades industriales, como trabajadores en las f\u00e1bricas que estaban siendo instaladas en el Polo de Promoci\u00f3n y Desarrollo de Huelva, era la primera vez que esto ocurr\u00eda en el municipio en su largo periodo de vida, caracterizada por una econom\u00eda basada en la agricultura y ganader\u00eda. Junto a ello otros muchos comenzar\u00e1n a trabajar en el sector servicio, sobre todo en Huelva.<\/p>\n<p><strong>De antes de nuestra etapa hist\u00f3rica documental<\/strong>\u00a0se tienen noticias de la presencia del hombre en estas tierras. Seg\u00fan testimonian los restos arqueol\u00f3gicos que se han descubierto en zonas como El Arroyo San Benito, Arroyo Cand\u00f3n y en la zona del Coto Cand\u00f3n, entre otros, se sabe de poblamientos que datan del\u00a0<strong>Paleol\u00edtico Medio<\/strong>. Se cree que durante la\u00a0<strong>Edad de Bronce<\/strong>\u00a0pudo existir en la zona Sur del t\u00e9rmino un hipot\u00e9tico asentamiento. El hallazgo de\u00a0<strong>m\u00faltiples enterramientos en forma de cistas<\/strong>\u00a0en el lugar conocido como\u00a0<strong>Matahijos<\/strong>, dan testimonio de ello. Se han hallado en el mismo, ajuares consistentes en\u00a0<strong>elementos cer\u00e1micos<\/strong>\u00a0como cuencos, cazuelas carenadas y escasos elementos l\u00edticos como son las hachas pulimentadas.<\/p>\n<p>Se han hallado\u00a0<strong>restos romanos<\/strong>, pertenecientes a la \u00e9poca antigua, en las proximidades de la fuente de San Benito, que debieron pertenecer a un emplazamiento de los que gen\u00e9ricamente se denominaba\u00a0<strong>Villa Rusticae<\/strong>\u00a0con materiales cer\u00e1micos pertenecientes a\u00a0<strong>\u00e9poca bajo-imperial<\/strong>. En la zona comprendida entre Clarines y Las Garbosas, se han producido hallazgos dispersos del mismo signo con la aparici\u00f3n de sillares de piedra, tegulae, ladrillo, etc., en el lugar denominado Cruce de la Casa del Pilar, se ha constatado la existencia de sepulturas romanas de poca entidad y casi destruidas en la actualidad por la acci\u00f3n del arado.<\/p>\n<p>De\u00a0<strong>\u00e9poca Isl\u00e1mica<\/strong>\u00a0son los testimonios materiales aparecidos en algunas tumbas de la zona pr\u00f3xima a Matahijos situada a un kil\u00f3metro y medio del sur del n\u00facleo urbano; en las mismas, formando parte de los ajuares, aparecen botellas, ampollas, cuencos, etc. La proximidad de esta Necr\u00f3polis hace sospechar la existencia de alg\u00fan poblamiento \u00e1rabe en el actual emplazamiento de Beas.<\/p><h3><strong>SIMBOLOG\u00cdA LOCAL<\/strong><\/h3>\t\t\n\t\t\t\t\t\t\t\t\t\t<img decoding=\"async\" width=\"584\" height=\"1024\" src=\"https:\/\/www.beasturismo.es\/wp-content\/uploads\/2020\/07\/ESCUDO-DE-BEAS-584x1024.png\" alt=\"\" loading=\"lazy\" srcset=\"https:\/\/www.beasturismo.es\/wp-content\/uploads\/2020\/07\/ESCUDO-DE-BEAS-584x1024.png 584w, https:\/\/www.beasturismo.es\/wp-content\/uploads\/2020\/07\/ESCUDO-DE-BEAS-171x300.png 171w, https:\/\/www.beasturismo.es\/wp-content\/uploads\/2020\/07\/ESCUDO-DE-BEAS-768x1347.png 768w, https:\/\/www.beasturismo.es\/wp-content\/uploads\/2020\/07\/ESCUDO-DE-BEAS-876x1536.png 876w, https:\/\/www.beasturismo.es\/wp-content\/uploads\/2020\/07\/ESCUDO-DE-BEAS-1168x2048.png 1168w, https:\/\/www.beasturismo.es\/wp-content\/uploads\/2020\/07\/ESCUDO-DE-BEAS.png 1200w\" sizes=\"auto, (max-width: 584px) 100vw, 584px\" \/>\t\t\t\t\t\t\t\t\t\t\t\n\t\t<p>El\u00a0<strong style=\"font-family: var( --e-global-typography-text-font-family ), Sans-serif; font-size: 1rem;\">escudo<\/strong>\u00a0de nuestro municipio fue aprobado por Resoluci\u00f3n del Consejo de Ministros el 9 de febrero de 1968, siendo notificada dicha resoluci\u00f3n al Ayuntamiento el d\u00eda 5 de marzo del mismo a\u00f1o. Dicho escudo fue ideado por Vicente de Cadenas y Vicent, especialista en her\u00e1ldica a quien la Corporaci\u00f3n municipal decidi\u00f3 encargarle el proyecto seg\u00fan acuerdo del 11 de febrero de 1967. En el escudo se decidi\u00f3 incluir las\u00a0<strong style=\"font-family: var( --e-global-typography-text-font-family ), Sans-serif; font-size: 1rem;\">Armas de los Duques de Medina Sidonia<\/strong>\u00a0en su apellido de Guzmanes, por haber pertenecido estas tierras a esa casa ducal, adem\u00e1s se decide incluir en el mismo otros elementos para diferenciarlo de aquel, dichos elementos ser\u00e1n un\u00a0<strong style=\"font-family: var( --e-global-typography-text-font-family ), Sans-serif; font-size: 1rem;\">clar\u00edn en honor<\/strong>\u00a0de la patrona del pueblo de Beas:\u00a0<strong style=\"font-family: var( --e-global-typography-text-font-family ), Sans-serif; font-size: 1rem;\">Nuestra Se\u00f1ora de los Clarines<\/strong>, y\u00a0<strong style=\"font-family: var( --e-global-typography-text-font-family ), Sans-serif; font-size: 1rem;\">un cuchillo<\/strong>\u00a0en representaci\u00f3n del\u00a0<strong style=\"font-family: var( --e-global-typography-text-font-family ), Sans-serif; font-size: 1rem;\">Ap\u00f3stol San Bartolom\u00e9<\/strong>, patr\u00f3n del lugar.<\/p>\n<p>Por tanto nos encontramos con un escudo partido, que qued\u00f3 organizado de la siguiente forma: primero, cuartelado en aspa, 1\u00ba y 3\u00ba (cuarteles superior e inferior) en campo de azur, una caldera jaquelada de oro y gules, gringolada de siete cabezas de sierpes en sinople; 2\u00ba y 4\u00ba (cuarteles derecho e izquierdo) en campo de plata cinco armi\u00f1os de sable puestos en aspa. Bordura general componada de catorce compones, siete de gules y siete de plata, los primeros cargados de un castillo de oro y los segundos de un le\u00f3n de p\u00farpura. Hasta aqu\u00ed la partici\u00f3n correspondiente a las Armas de los Medina Sidonia. Segundo cuartel o partici\u00f3n derecha: en campo de gules aparece un clar\u00edn de oro y un cuchillo de plata encabado de oro, puestos en aspa. Al timbre, corona real cerrada.<\/p>\n<p><strong>Bandera:<\/strong>\u00a0<em>Bandera sobre fondo amarillo, dos bandas de franjas blancas y azules crecientes en diagonal desde las esquinas inferiores hacia la derecha y hacia la izquierda, seg\u00fan donde nazcan, junt\u00e1ndose en el centro del extremo superior y el escudo municipal en el centro de la bandera.<\/em><\/p>\n<p>El escudo fue aprobado por el Ministerio de Gobernaci\u00f3n en 1968. La bandera en pleno municipal de 9 de junio de 1998.<\/p>","protected":false},"excerpt":{"rendered":"<p>Desde el Paleol\u00edtico Medio el t\u00e9rmino de Beas ha sido ocupado por varias civilizaciones, debido [&hellip;]<\/p>\n","protected":false},"author":2,"featured_media":0,"parent":0,"menu_order":0,"comment_status":"closed","ping_status":"closed","template":"","meta":{"footnotes":""},"class_list":["post-452","page","type-page","status-publish","hentry"],"jetpack_sharing_enabled":true,"_links":{"self":[{"href":"https:\/\/www.beasturismo.es\/index.php?rest_route=\/wp\/v2\/pages\/452","targetHints":{"allow":["GET"]}}],"collection":[{"href":"https:\/\/www.beasturismo.es\/index.php?rest_route=\/wp\/v2\/pages"}],"about":[{"href":"https:\/\/www.beasturismo.es\/index.php?rest_route=\/wp\/v2\/types\/page"}],"author":[{"embeddable":true,"href":"https:\/\/www.beasturismo.es\/index.php?rest_route=\/wp\/v2\/users\/2"}],"replies":[{"embeddable":true,"href":"https:\/\/www.beasturismo.es\/index.php?rest_route=%2Fwp%2Fv2%2Fcomments&post=452"}],"version-history":[{"count":27,"href":"https:\/\/www.beasturismo.es\/index.php?rest_route=\/wp\/v2\/pages\/452\/revisions"}],"predecessor-version":[{"id":1438,"href":"https:\/\/www.beasturismo.es\/index.php?rest_route=\/wp\/v2\/pages\/452\/revisions\/1438"}],"wp:attachment":[{"href":"https:\/\/www.beasturismo.es\/index.php?rest_route=%2Fwp%2Fv2%2Fmedia&parent=452"}],"curies":[{"name":"wp","href":"https:\/\/api.w.org\/{rel}","templated":true}]}}